{"id":10583,"date":"2018-07-26T17:34:00","date_gmt":"2018-07-26T15:34:00","guid":{"rendered":"https:\/\/ollerdecoracio.com\/tienda-parquet\/"},"modified":"2024-10-22T09:02:40","modified_gmt":"2024-10-22T07:02:40","slug":"botiga-parquet","status":"publish","type":"page","link":"https:\/\/ollerdecoracio.com\/ca\/botiga-parquet\/","title":{"rendered":"Botiga de parquet i paviments"},"content":{"rendered":"<p><div class=\"fusion-fullwidth fullwidth-box fusion-builder-row-1 nonhundred-percent-fullwidth non-hundred-percent-height-scrolling\" style=\"--awb-border-radius-top-left:0px;--awb-border-radius-top-right:0px;--awb-border-radius-bottom-right:0px;--awb-border-radius-bottom-left:0px;--awb-flex-wrap:wrap;\" ><div class=\"fusion-builder-row fusion-row\"><div class=\"fusion-layout-column fusion_builder_column fusion-builder-column-0 fusion_builder_column_1_1 1_1 fusion-one-full fusion-column-first fusion-column-last\" style=\"--awb-bg-size:cover;\"><div class=\"fusion-column-wrapper fusion-flex-column-wrapper-legacy\"><div class=\"fusion-text fusion-text-1 justificado\"><p>Si vols renovar el terra de la teva llar o donar un aire totalment diferent a casa teva, el parquet flotant \u00e9s la resposta. Si busques una <strong>botiga de parquet de confian\u00e7a<\/strong>, vine a <strong>Oller Decoraci\u00f3<\/strong> perqu\u00e8 som la resposta.<\/p>\n<p>Sabem perfectament l\u2019important que \u00e9s per a tu l\u2019aspecte est\u00e8tic i decoratiu de casa teva, aix\u00ed que t\u2019ajudarem a escollir la millor opci\u00f3 i et donarem totes les facilitats.<\/p>\n<\/div><div class=\"fusion-clearfix\"><\/div><\/div><\/div><\/div><\/div><div class=\"fusion-fullwidth fullwidth-box fusion-builder-row-2 hundred-percent-fullwidth non-hundred-percent-height-scrolling\" style=\"--awb-border-radius-top-left:0px;--awb-border-radius-top-right:0px;--awb-border-radius-bottom-right:0px;--awb-border-radius-bottom-left:0px;--awb-padding-right:10px;--awb-padding-left:10px;--awb-flex-wrap:wrap;\" ><div class=\"fusion-builder-row fusion-row\"><div class=\"fusion-layout-column fusion_builder_column fusion-builder-column-1 fusion_builder_column_1_1 1_1 fusion-one-full fusion-column-first fusion-column-last\" style=\"--awb-bg-size:cover;\"><div class=\"fusion-column-wrapper fusion-flex-column-wrapper-legacy\"><div class=\"awb-gallery-wrapper awb-gallery-wrapper-1 button-span-no\" style=\"--more-btn-alignment:center;\"><div style=\"margin:-5px;--awb-bordersize:0px;\" class=\"fusion-gallery fusion-gallery-container fusion-grid-4 fusion-columns-total-11 fusion-gallery-layout-masonry fusion-gallery-1\"><div class=\"fusion-grid-column fusion-gallery-column fusion-gallery-column-4 hover-type-zoomin fusion-grid-sizer\"><\/div><div style=\"padding:5px;\" class=\"fusion-grid-column fusion-gallery-column fusion-gallery-column-4 hover-type-zoomin fusion-element-grid\"><div class=\"fusion-gallery-image\"><a href=\"https:\/\/ollerdecoracio.com\/wp-content\/uploads\/tienda-parquet.jpg\" rel=\"noreferrer\" data-rel=\"iLightbox[gallery_image_1]\" class=\"fusion-lightbox\" target=\"_self\"><div style=\"background-image:url(https:\/\/ollerdecoracio.com\/wp-content\/uploads\/tienda-parquet.jpg);padding-top:calc((100% + 10px) * 0.8 - 5px);background-position:;\" class=\"fusion-masonry-element-container\"><img decoding=\"async\" src=\"https:\/\/ollerdecoracio.com\/wp-content\/uploads\/tienda-parquet.jpg\" width=\"450\" height=\"300\" alt=\"Botiga parquet Granollers\" title=\"Botiga parquet Granollers\" aria-label=\"Botiga parquet Granollers\" class=\"img-responsive wp-image-10544\" srcset=\"https:\/\/ollerdecoracio.com\/wp-content\/uploads\/tienda-parquet-200x133.jpg 200w, https:\/\/ollerdecoracio.com\/wp-content\/uploads\/tienda-parquet-400x267.jpg 400w, https:\/\/ollerdecoracio.com\/wp-content\/uploads\/tienda-parquet.jpg 450w\" sizes=\"(min-width: 2200px) 100vw, (min-width: 856px) 309px, (min-width: 784px) 412px, (min-width: 712px) 618px, (min-width: 640px) 712px, \" \/><\/div><\/a><\/div><\/div><div style=\"padding:5px;\" class=\"fusion-grid-column fusion-gallery-column fusion-gallery-column-4 hover-type-zoomin fusion-element-portrait\"><div class=\"fusion-gallery-image\"><a href=\"https:\/\/ollerdecoracio.com\/wp-content\/uploads\/parquet-escalera.jpg\" rel=\"noreferrer\" data-rel=\"iLightbox[gallery_image_1]\" class=\"fusion-lightbox\" target=\"_self\"><div style=\"background-image:url(https:\/\/ollerdecoracio.com\/wp-content\/uploads\/parquet-escalera.jpg);padding-top:calc((100% + 10px) * 1.6);background-position:;\" class=\"fusion-masonry-element-container\"><img decoding=\"async\" src=\"https:\/\/ollerdecoracio.com\/wp-content\/uploads\/parquet-escalera.jpg\" width=\"675\" height=\"1200\" alt=\"\" title=\"parquet-escala\" aria-label=\"parquet-escala\" class=\"img-responsive wp-image-10584\" srcset=\"https:\/\/ollerdecoracio.com\/wp-content\/uploads\/parquet-escalera-200x356.jpg 200w, https:\/\/ollerdecoracio.com\/wp-content\/uploads\/parquet-escalera-400x711.jpg 400w, https:\/\/ollerdecoracio.com\/wp-content\/uploads\/parquet-escalera-600x1067.jpg 600w, https:\/\/ollerdecoracio.com\/wp-content\/uploads\/parquet-escalera.jpg 675w\" sizes=\"(min-width: 2200px) 100vw, (min-width: 856px) 309px, (min-width: 784px) 412px, (min-width: 712px) 618px, (min-width: 640px) 712px, \" \/><\/div><\/a><\/div><\/div><div style=\"padding:5px;\" class=\"fusion-grid-column fusion-gallery-column fusion-gallery-column-4 hover-type-zoomin fusion-element-landscape\"><div class=\"fusion-gallery-image\"><a href=\"https:\/\/ollerdecoracio.com\/wp-content\/uploads\/parquet-casa.jpg\" rel=\"noreferrer\" data-rel=\"iLightbox[gallery_image_1]\" class=\"fusion-lightbox\" target=\"_self\"><div style=\"background-image:url(https:\/\/ollerdecoracio.com\/wp-content\/uploads\/parquet-casa.jpg);padding-top:calc((100% + 10px) * 0.4 - 5px);background-position:;\" class=\"fusion-masonry-element-container\"><img decoding=\"async\" src=\"https:\/\/ollerdecoracio.com\/wp-content\/uploads\/parquet-casa.jpg\" width=\"1600\" height=\"900\" alt=\"\" title=\"parquet-casa\" aria-label=\"parquet-casa\" class=\"img-responsive wp-image-10680\" srcset=\"https:\/\/ollerdecoracio.com\/wp-content\/uploads\/parquet-casa-200x113.jpg 200w, https:\/\/ollerdecoracio.com\/wp-content\/uploads\/parquet-casa-400x225.jpg 400w, https:\/\/ollerdecoracio.com\/wp-content\/uploads\/parquet-casa-600x338.jpg 600w, https:\/\/ollerdecoracio.com\/wp-content\/uploads\/parquet-casa-800x450.jpg 800w, https:\/\/ollerdecoracio.com\/wp-content\/uploads\/parquet-casa-1200x675.jpg 1200w, https:\/\/ollerdecoracio.com\/wp-content\/uploads\/parquet-casa.jpg 1600w\" sizes=\"(min-width: 2200px) 100vw, (min-width: 712px) 623px, (min-width: 640px) 712px, \" \/><\/div><\/a><\/div><\/div><div style=\"padding:5px;\" class=\"fusion-grid-column fusion-gallery-column fusion-gallery-column-4 hover-type-zoomin fusion-element-landscape\"><div class=\"fusion-gallery-image\"><a href=\"https:\/\/ollerdecoracio.com\/wp-content\/uploads\/decoracion-parquet.jpg\" rel=\"noreferrer\" data-rel=\"iLightbox[gallery_image_1]\" class=\"fusion-lightbox\" target=\"_self\"><div style=\"background-image:url(https:\/\/ollerdecoracio.com\/wp-content\/uploads\/decoracion-parquet.jpg);padding-top:calc((100% + 10px) * 0.4 - 5px);background-position:;\" class=\"fusion-masonry-element-container\"><img decoding=\"async\" src=\"https:\/\/ollerdecoracio.com\/wp-content\/uploads\/decoracion-parquet.jpg\" width=\"1600\" height=\"900\" alt=\"Botiga cortines Granollers\" title=\"decoracio-parquet\" aria-label=\"decoracio-parquet\" class=\"img-responsive wp-image-10679\" srcset=\"https:\/\/ollerdecoracio.com\/wp-content\/uploads\/decoracion-parquet-200x113.jpg 200w, https:\/\/ollerdecoracio.com\/wp-content\/uploads\/decoracion-parquet-400x225.jpg 400w, https:\/\/ollerdecoracio.com\/wp-content\/uploads\/decoracion-parquet-600x338.jpg 600w, https:\/\/ollerdecoracio.com\/wp-content\/uploads\/decoracion-parquet-800x450.jpg 800w, https:\/\/ollerdecoracio.com\/wp-content\/uploads\/decoracion-parquet-1200x675.jpg 1200w, https:\/\/ollerdecoracio.com\/wp-content\/uploads\/decoracion-parquet.jpg 1600w\" sizes=\"(min-width: 2200px) 100vw, (min-width: 712px) 623px, (min-width: 640px) 712px, \" \/><\/div><\/a><\/div><\/div><div style=\"padding:5px;\" class=\"fusion-grid-column fusion-gallery-column fusion-gallery-column-4 hover-type-zoomin fusion-element-landscape\"><div class=\"fusion-gallery-image\"><a href=\"https:\/\/ollerdecoracio.com\/wp-content\/uploads\/parquet-comedor.jpg\" rel=\"noreferrer\" data-rel=\"iLightbox[gallery_image_1]\" class=\"fusion-lightbox\" target=\"_self\"><div style=\"background-image:url(https:\/\/ollerdecoracio.com\/wp-content\/uploads\/parquet-comedor.jpg);padding-top:calc((100% + 10px) * 0.4 - 5px);background-position:;\" class=\"fusion-masonry-element-container\"><img decoding=\"async\" src=\"https:\/\/ollerdecoracio.com\/wp-content\/uploads\/parquet-comedor.jpg\" width=\"1598\" height=\"899\" alt=\"Botiga cortines Granollers\" title=\"parquet-menjador\" aria-label=\"parquet-menjador\" class=\"img-responsive wp-image-10678\" srcset=\"https:\/\/ollerdecoracio.com\/wp-content\/uploads\/parquet-comedor-200x113.jpg 200w, https:\/\/ollerdecoracio.com\/wp-content\/uploads\/parquet-comedor-400x225.jpg 400w, https:\/\/ollerdecoracio.com\/wp-content\/uploads\/parquet-comedor-600x338.jpg 600w, https:\/\/ollerdecoracio.com\/wp-content\/uploads\/parquet-comedor-800x450.jpg 800w, https:\/\/ollerdecoracio.com\/wp-content\/uploads\/parquet-comedor-1200x675.jpg 1200w, https:\/\/ollerdecoracio.com\/wp-content\/uploads\/parquet-comedor.jpg 1598w\" sizes=\"(min-width: 2200px) 100vw, (min-width: 712px) 623px, (min-width: 640px) 712px, \" \/><\/div><\/a><\/div><\/div><div style=\"padding:5px;\" class=\"fusion-grid-column fusion-gallery-column fusion-gallery-column-4 hover-type-zoomin fusion-element-portrait\"><div class=\"fusion-gallery-image\"><a href=\"https:\/\/ollerdecoracio.com\/wp-content\/uploads\/parquet-flotante-salon.jpg\" rel=\"noreferrer\" data-rel=\"iLightbox[gallery_image_1]\" class=\"fusion-lightbox\" target=\"_self\"><div style=\"background-image:url(https:\/\/ollerdecoracio.com\/wp-content\/uploads\/parquet-flotante-salon.jpg);padding-top:calc((100% + 10px) * 1.6);background-position:;\" class=\"fusion-masonry-element-container\"><img decoding=\"async\" src=\"https:\/\/ollerdecoracio.com\/wp-content\/uploads\/parquet-flotante-salon.jpg\" width=\"900\" height=\"1200\" alt=\"Botiga cortines Granollers\" title=\"parquet-flotant-menjador\" aria-label=\"parquet-flotant-menjador\" class=\"img-responsive wp-image-10677\" srcset=\"https:\/\/ollerdecoracio.com\/wp-content\/uploads\/parquet-flotante-salon-200x267.jpg 200w, https:\/\/ollerdecoracio.com\/wp-content\/uploads\/parquet-flotante-salon-400x533.jpg 400w, https:\/\/ollerdecoracio.com\/wp-content\/uploads\/parquet-flotante-salon-600x800.jpg 600w, https:\/\/ollerdecoracio.com\/wp-content\/uploads\/parquet-flotante-salon-800x1067.jpg 800w, https:\/\/ollerdecoracio.com\/wp-content\/uploads\/parquet-flotante-salon.jpg 900w\" sizes=\"(min-width: 2200px) 100vw, (min-width: 856px) 309px, (min-width: 784px) 412px, (min-width: 712px) 618px, (min-width: 640px) 712px, \" \/><\/div><\/a><\/div><\/div><div style=\"padding:5px;\" class=\"fusion-grid-column fusion-gallery-column fusion-gallery-column-4 hover-type-zoomin fusion-element-grid\"><div class=\"fusion-gallery-image\"><a href=\"https:\/\/ollerdecoracio.com\/wp-content\/uploads\/parquet-flotante.jpg\" rel=\"noreferrer\" data-rel=\"iLightbox[gallery_image_1]\" class=\"fusion-lightbox\" target=\"_self\"><div style=\"background-image:url(https:\/\/ollerdecoracio.com\/wp-content\/uploads\/parquet-flotante.jpg);padding-top:calc((100% + 10px) * 0.8 - 5px);background-position:;\" class=\"fusion-masonry-element-container\"><img decoding=\"async\" src=\"https:\/\/ollerdecoracio.com\/wp-content\/uploads\/parquet-flotante.jpg\" width=\"1601\" height=\"1200\" alt=\"Botiga cortines Granollers\" title=\"parquet-flotant\" aria-label=\"parquet-flotant\" class=\"img-responsive wp-image-10676\" srcset=\"https:\/\/ollerdecoracio.com\/wp-content\/uploads\/parquet-flotante-200x150.jpg 200w, https:\/\/ollerdecoracio.com\/wp-content\/uploads\/parquet-flotante-400x300.jpg 400w, https:\/\/ollerdecoracio.com\/wp-content\/uploads\/parquet-flotante-600x450.jpg 600w, https:\/\/ollerdecoracio.com\/wp-content\/uploads\/parquet-flotante-800x600.jpg 800w, https:\/\/ollerdecoracio.com\/wp-content\/uploads\/parquet-flotante-1200x899.jpg 1200w, https:\/\/ollerdecoracio.com\/wp-content\/uploads\/parquet-flotante.jpg 1601w\" sizes=\"(min-width: 2200px) 100vw, (min-width: 856px) 309px, (min-width: 784px) 412px, (min-width: 712px) 618px, (min-width: 640px) 712px, \" \/><\/div><\/a><\/div><\/div><div style=\"padding:5px;\" class=\"fusion-grid-column fusion-gallery-column fusion-gallery-column-4 hover-type-zoomin fusion-element-grid\"><div class=\"fusion-gallery-image\"><a href=\"https:\/\/ollerdecoracio.com\/wp-content\/uploads\/parquet-habitacion.jpg\" rel=\"noreferrer\" data-rel=\"iLightbox[gallery_image_1]\" class=\"fusion-lightbox\" target=\"_self\"><div style=\"background-image:url(https:\/\/ollerdecoracio.com\/wp-content\/uploads\/parquet-habitacion.jpg);padding-top:calc((100% + 10px) * 0.8 - 5px);background-position:;\" class=\"fusion-masonry-element-container\"><img decoding=\"async\" src=\"https:\/\/ollerdecoracio.com\/wp-content\/uploads\/parquet-habitacion.jpg\" width=\"1627\" height=\"1200\" alt=\"Botiga cortines Granollers\" title=\"parquet-habitacio\" aria-label=\"parquet-habitacio\" class=\"img-responsive wp-image-10675\" srcset=\"https:\/\/ollerdecoracio.com\/wp-content\/uploads\/parquet-habitacion-200x148.jpg 200w, https:\/\/ollerdecoracio.com\/wp-content\/uploads\/parquet-habitacion-400x295.jpg 400w, https:\/\/ollerdecoracio.com\/wp-content\/uploads\/parquet-habitacion-600x443.jpg 600w, https:\/\/ollerdecoracio.com\/wp-content\/uploads\/parquet-habitacion-800x590.jpg 800w, https:\/\/ollerdecoracio.com\/wp-content\/uploads\/parquet-habitacion-1200x885.jpg 1200w, https:\/\/ollerdecoracio.com\/wp-content\/uploads\/parquet-habitacion.jpg 1627w\" sizes=\"(min-width: 2200px) 100vw, (min-width: 856px) 309px, (min-width: 784px) 412px, (min-width: 712px) 618px, (min-width: 640px) 712px, \" \/><\/div><\/a><\/div><\/div><div style=\"padding:5px;\" class=\"fusion-grid-column fusion-gallery-column fusion-gallery-column-4 hover-type-zoomin fusion-element-grid\"><div class=\"fusion-gallery-image\"><a href=\"https:\/\/ollerdecoracio.com\/wp-content\/uploads\/parquet-salon.jpg\" rel=\"noreferrer\" data-rel=\"iLightbox[gallery_image_1]\" class=\"fusion-lightbox\" target=\"_self\"><div style=\"background-image:url(https:\/\/ollerdecoracio.com\/wp-content\/uploads\/parquet-salon.jpg);padding-top:calc((100% + 10px) * 0.8 - 5px);background-position:;\" class=\"fusion-masonry-element-container\"><img decoding=\"async\" src=\"https:\/\/ollerdecoracio.com\/wp-content\/uploads\/parquet-salon.jpg\" width=\"1600\" height=\"1200\" alt=\"Botiga cortines Granollers\" title=\"parquet-menjador\" aria-label=\"parquet-menjador\" class=\"img-responsive wp-image-10674\" srcset=\"https:\/\/ollerdecoracio.com\/wp-content\/uploads\/parquet-salon-200x150.jpg 200w, https:\/\/ollerdecoracio.com\/wp-content\/uploads\/parquet-salon-400x300.jpg 400w, https:\/\/ollerdecoracio.com\/wp-content\/uploads\/parquet-salon-600x450.jpg 600w, https:\/\/ollerdecoracio.com\/wp-content\/uploads\/parquet-salon-800x600.jpg 800w, https:\/\/ollerdecoracio.com\/wp-content\/uploads\/parquet-salon-1200x900.jpg 1200w, https:\/\/ollerdecoracio.com\/wp-content\/uploads\/parquet-salon.jpg 1600w\" sizes=\"(min-width: 2200px) 100vw, (min-width: 856px) 309px, (min-width: 784px) 412px, (min-width: 712px) 618px, (min-width: 640px) 712px, \" \/><\/div><\/a><\/div><\/div><div style=\"padding:5px;\" class=\"fusion-grid-column fusion-gallery-column fusion-gallery-column-4 hover-type-zoomin fusion-element-grid\"><div class=\"fusion-gallery-image\"><a href=\"https:\/\/ollerdecoracio.com\/wp-content\/uploads\/parquet-decoracion.jpg\" rel=\"noreferrer\" data-rel=\"iLightbox[gallery_image_1]\" class=\"fusion-lightbox\" target=\"_self\"><div style=\"background-image:url(https:\/\/ollerdecoracio.com\/wp-content\/uploads\/parquet-decoracion.jpg);padding-top:calc((100% + 10px) * 0.8 - 5px);background-position:;\" class=\"fusion-masonry-element-container\"><img decoding=\"async\" src=\"https:\/\/ollerdecoracio.com\/wp-content\/uploads\/parquet-decoracion.jpg\" width=\"1220\" height=\"1200\" alt=\"Botiga cortines Granollers\" title=\"parquet-decoracio\" aria-label=\"parquet-decoracio\" class=\"img-responsive wp-image-10673\" srcset=\"https:\/\/ollerdecoracio.com\/wp-content\/uploads\/parquet-decoracion-200x197.jpg 200w, https:\/\/ollerdecoracio.com\/wp-content\/uploads\/parquet-decoracion-400x393.jpg 400w, https:\/\/ollerdecoracio.com\/wp-content\/uploads\/parquet-decoracion-600x590.jpg 600w, https:\/\/ollerdecoracio.com\/wp-content\/uploads\/parquet-decoracion-800x787.jpg 800w, https:\/\/ollerdecoracio.com\/wp-content\/uploads\/parquet-decoracion-1200x1180.jpg 1200w, https:\/\/ollerdecoracio.com\/wp-content\/uploads\/parquet-decoracion.jpg 1220w\" sizes=\"(min-width: 2200px) 100vw, (min-width: 856px) 309px, (min-width: 784px) 412px, (min-width: 712px) 618px, (min-width: 640px) 712px, \" \/><\/div><\/a><\/div><\/div><div style=\"padding:5px;\" class=\"fusion-grid-column fusion-gallery-column fusion-gallery-column-4 hover-type-zoomin fusion-element-grid\"><div class=\"fusion-gallery-image\"><a href=\"https:\/\/ollerdecoracio.com\/wp-content\/uploads\/parquet-chalet.jpg\" rel=\"noreferrer\" data-rel=\"iLightbox[gallery_image_1]\" class=\"fusion-lightbox\" target=\"_self\"><div style=\"background-image:url(https:\/\/ollerdecoracio.com\/wp-content\/uploads\/parquet-chalet.jpg);padding-top:calc((100% + 10px) * 0.8 - 5px);background-position:;\" class=\"fusion-masonry-element-container\"><img decoding=\"async\" src=\"https:\/\/ollerdecoracio.com\/wp-content\/uploads\/parquet-chalet.jpg\" width=\"1000\" height=\"665\" alt=\"Botiga cortines Granollers\" title=\"parquet-xalet\" aria-label=\"parquet-xalet\" class=\"img-responsive wp-image-10672\" srcset=\"https:\/\/ollerdecoracio.com\/wp-content\/uploads\/parquet-chalet-200x133.jpg 200w, https:\/\/ollerdecoracio.com\/wp-content\/uploads\/parquet-chalet-400x266.jpg 400w, https:\/\/ollerdecoracio.com\/wp-content\/uploads\/parquet-chalet-600x399.jpg 600w, https:\/\/ollerdecoracio.com\/wp-content\/uploads\/parquet-chalet-800x532.jpg 800w, https:\/\/ollerdecoracio.com\/wp-content\/uploads\/parquet-chalet.jpg 1000w\" sizes=\"(min-width: 2200px) 100vw, (min-width: 856px) 309px, (min-width: 784px) 412px, (min-width: 712px) 618px, (min-width: 640px) 712px, \" \/><\/div><\/a><\/div><\/div><\/div><\/div><div class=\"fusion-clearfix\"><\/div><\/div><\/div><\/div><\/div><div class=\"fusion-fullwidth fullwidth-box fusion-builder-row-3 fusion-parallax-none nonhundred-percent-fullwidth non-hundred-percent-height-scrolling\" style=\"--awb-background-repeat:repeat;--awb-border-radius-top-left:0px;--awb-border-radius-top-right:0px;--awb-border-radius-bottom-right:0px;--awb-border-radius-bottom-left:0px;--awb-padding-top:50px;--awb-padding-bottom:30px;--awb-background-image:url(&quot;https:\/\/ollerdecoracio.com\/wp-content\/uploads\/fondo-barra.jpg&quot;);--awb-flex-wrap:wrap;\" ><div class=\"fusion-builder-row fusion-row\"><div class=\"fusion-layout-column fusion_builder_column fusion-builder-column-2 fusion_builder_column_1_1 1_1 fusion-one-full fusion-column-first fusion-column-last\" style=\"--awb-bg-size:cover;\"><div class=\"fusion-column-wrapper fusion-flex-column-wrapper-legacy\"><div class=\"fusion-text fusion-text-2\"><h3 style=\"text-align: center;\"><span style=\"font-weight: 400;\">Contacta amb nosaltres<\/span><\/h3>\n<p style=\"text-align: center;\"><span style=\"font-weight: 400;\">Si desitges que t\u2019assessorem personalment, contacta amb la nostra botiga de parquet:<\/span><\/p>\n<\/div><div class=\"fusion-sep-clear\"><\/div><div class=\"fusion-separator fusion-full-width-sep\" style=\"margin-left: auto;margin-right: auto;margin-bottom:50px;width:100%;\"><div class=\"fusion-separator-border sep-single\" style=\"--awb-height:20px;--awb-amount:20px;border-color:#b9afa1;border-top-width:0px;\"><\/div><\/div><div class=\"fusion-sep-clear\"><\/div><div class=\"fusion-content-boxes content-boxes columns row fusion-columns-2 fusion-columns-total-2 fusion-content-boxes-1 content-boxes-icon-boxed content-left fusion-delayed-animation\" style=\"--awb-backgroundcolor:rgba(255,255,255,0.81);--awb-margin-top:50px;--awb-margin-bottom:0px;--awb-hover-accent-color:#b9afa1;--awb-circle-hover-accent-color:#b9afa1;\" data-animation-delay=\"500\" data-animationOffset=\"top-into-view\"><div style=\"--awb-backgroundcolor:rgba(255,255,255,0.81);\" class=\"fusion-column content-box-column content-box-column content-box-column-1 col-lg-6 col-md-6 col-sm-6 fusion-content-box-hover content-box-column-first-in-row\"><div class=\"col content-box-wrapper content-wrapper-background content-wrapper-boxed link-area-link-icon icon-hover-animation-pulsate fusion-animated\" data-animationType=\"fadeInLeft\" data-animationDuration=\"0.3\" data-animationOffset=\"top-into-view\"><div class=\"heading heading-with-icon icon-left\"><div class=\"icon\" style=\"-webkit-animation-duration: 500ms;animation-duration: 500ms;\"><i style=\"border-color:#b9afa1;border-width:1px;background-color:#b9afa1;box-sizing:content-box;height:72px;width:72px;line-height:72px;top:-86px;margin-left:-36px;border-radius:50%;font-size:36px;\" aria-hidden=\"true\" class=\"fontawesome-icon fa-building far circle-yes\"><\/i><\/div><h4 class=\"content-box-heading fusion-responsive-typography-calculated\" style=\"--h4_typography-font-size:18px;--fontSize:18;line-height:1.4;\">Oller Decoraci\u00f3, Granollers<\/h4><\/div><div class=\"fusion-clearfix\"><\/div><div class=\"content-container\">\n<p style=\"text-align: center;\">Sant Jaume 88-90 &#8211; Granollers (BCN)<br \/>\n<a href=\"https:\/\/goo.gl\/maps\/ZWtPkhjozju\" target=\"_blank\" rel=\"noopener\">Veure a Google Maps<\/a><br \/>\nDll-Ds: 9:30-13:30h \/ 17:00-20:00<br \/>\n(dissabte tarda tancat)<\/p>\n<\/div><\/div><\/div><div style=\"--awb-backgroundcolor:rgba(255,255,255,0.81);\" class=\"fusion-column content-box-column content-box-column content-box-column-2 col-lg-6 col-md-6 col-sm-6 fusion-content-box-hover content-box-column-last content-box-column-last-in-row\"><div class=\"col content-box-wrapper content-wrapper-background content-wrapper-boxed link-area-link-icon icon-hover-animation-pulsate fusion-animated\" data-animationType=\"fadeInLeft\" data-animationDuration=\"0.3\" data-animationOffset=\"top-into-view\"><div class=\"heading heading-with-icon icon-left\"><div class=\"icon\" style=\"-webkit-animation-duration: 500ms;animation-duration: 500ms;\"><i style=\"border-color:#b9afa1;border-width:1px;background-color:#b9afa1;box-sizing:content-box;height:72px;width:72px;line-height:72px;top:-86px;margin-left:-36px;border-radius:50%;font-size:36px;\" aria-hidden=\"true\" class=\"fontawesome-icon fa-comment fas circle-yes\"><\/i><\/div><h4 class=\"content-box-heading fusion-responsive-typography-calculated\" style=\"--h4_typography-font-size:18px;--fontSize:18;line-height:1.4;\">Per tel\u00e8fon, email o xarxes socials<\/h4><\/div><div class=\"fusion-clearfix\"><\/div><div class=\"content-container\">\n<p>Tel\u00a0<a href=\"tel:938708605\">93 870 86 05<\/a><br \/>\n<a href=\"mailto:info@ollerdecoracio.com\">info@ollerdecoracio.com<\/a><\/p>\n<div class=\"fusion-button-wrapper fusion-aligncenter\"><a class=\"fusion-button button-flat button-large button-default fusion-button-default button-1 fusion-button-default-span fusion-button-default-type\" target=\"_self\" href=\"\/ca\/botiga-interiorisme-granollers\/\"><span class=\"fusion-button-text awb-button__text awb-button__text--default\">Contacte<\/span><\/a><\/div><div style=\"margin-top:20px;\"><a href=\"https:\/\/www.facebook.com\/Ollerdecoracio\/\" target=\"_blank\"><i class=\"fa fa-facebook-official\" style=\"font-size: 30px;\" aria-hidden=\"true\"><\/i><\/a>\u00a0 \u00a0 \u00a0<a href=\"https:\/\/www.instagram.com\/ollerdecoraciogranollers\/\" target=\"_blank\"><i class=\"fa fa-instagram\" style=\"font-size: 30px;\" aria-hidden=\"true\"><\/i><\/a><\/div><\/div><\/div><\/div><div class=\"fusion-clearfix\"><\/div><\/div><div class=\"fusion-clearfix\"><\/div><\/div><\/div><\/div><\/div><div class=\"fusion-fullwidth fullwidth-box fusion-builder-row-4 nonhundred-percent-fullwidth non-hundred-percent-height-scrolling\" style=\"--awb-border-radius-top-left:0px;--awb-border-radius-top-right:0px;--awb-border-radius-bottom-right:0px;--awb-border-radius-bottom-left:0px;--awb-margin-top:50px;--awb-flex-wrap:wrap;\" ><div class=\"fusion-builder-row fusion-row\"><div class=\"fusion-layout-column fusion_builder_column fusion-builder-column-3 fusion_builder_column_1_1 1_1 fusion-one-full fusion-column-first fusion-column-last\" style=\"--awb-bg-size:cover;\"><div class=\"fusion-column-wrapper fusion-flex-column-wrapper-legacy\"><div class=\"fusion-title title fusion-title-1 fusion-title-center fusion-title-text fusion-title-size-two\" style=\"--awb-margin-top-small:0px;--awb-margin-right-small:0px;--awb-margin-bottom-small:20px;--awb-margin-left-small:0px;\"><div class=\"title-sep-container title-sep-container-left\"><div class=\"title-sep sep-single sep-solid\" style=\"border-color:#e0dede;\"><\/div><\/div><span class=\"awb-title-spacer\"><\/span><h2 class=\"fusion-title-heading title-heading-center fusion-responsive-typography-calculated\" style=\"margin:0;--fontSize:42;line-height:1.5;\">Avantatges dels terres de parquet flotant<\/h2><span class=\"awb-title-spacer\"><\/span><div class=\"title-sep-container title-sep-container-right\"><div class=\"title-sep sep-single sep-solid\" style=\"border-color:#e0dede;\"><\/div><\/div><\/div><div class=\"fusion-text fusion-text-3 awb-text-cols fusion-text-columns-2 justificado\" style=\"--awb-columns:2;--awb-column-spacing:3em;--awb-column-min-width:280px;--awb-rule-style:1px solid #b9afa1;\"><p>L\u2019elecci\u00f3 d\u2019un terra laminat \u00e9s una decisi\u00f3 importat, perqu\u00e8 d\u2019ella en dep\u00e8n molt l\u2019estil de la resta de la decoraci\u00f3 de casa teva i del tipus de vida que desenvoluparem a la llar.<\/p>\n<p>Ning\u00fa gaudeix vivint en una casa freda i amb poca harmonia entre els seus elements. Aix\u00f2 converteix el parquet en el millor recurs decoratiu per al teu terra.<\/p>\n<p>El parquet proporciona a la teva llar calidesa. Al poder escollir-lo entre una gran varietat de colors i dissenys, ens permet convertir el nostre terra amb el que realment volem, aportant a casa nostra un toc decoratiu perfecte.<\/p>\n<p>Els revestiments de fusta es poden combinar de mil i una formes, i tenim tants tipus diferents que podrem adaptar-nos perfectament a cada necessitat que tinguis.<\/p>\n<p>Per\u00f2 els terres laminats no s\u00f3n nom\u00e9s decoratius: s\u00f3n molt pr\u00e0ctics i f\u00e0cils de mantenir, resisteixen a la perfecci\u00f3 el ritme de vida de les fam\u00edlies modernes.<\/p>\n<\/div><div class=\"fusion-sep-clear\"><\/div><div class=\"fusion-separator fusion-full-width-sep\" style=\"margin-left: auto;margin-right: auto;margin-top:50px;width:100%;\"><\/div><div class=\"fusion-sep-clear\"><\/div><div class=\"fusion-title title fusion-title-2 fusion-title-center fusion-title-text fusion-title-size-three\" style=\"--awb-margin-top-small:0px;--awb-margin-right-small:0px;--awb-margin-bottom-small:20px;--awb-margin-left-small:0px;\"><div class=\"title-sep-container title-sep-container-left\"><div class=\"title-sep sep-single sep-solid\" style=\"border-color:#e0dede;\"><\/div><\/div><span class=\"awb-title-spacer\"><\/span><h3 class=\"fusion-title-heading title-heading-center fusion-responsive-typography-calculated\" style=\"margin:0;--fontSize:30;line-height:1.50;\">Com calcular el parquet d\u2019una habitaci\u00f3<\/h3><span class=\"awb-title-spacer\"><\/span><div class=\"title-sep-container title-sep-container-right\"><div class=\"title-sep sep-single sep-solid\" style=\"border-color:#e0dede;\"><\/div><\/div><\/div><div class=\"fusion-text fusion-text-4 awb-text-cols fusion-text-columns-2 justificado\" style=\"--awb-columns:2;--awb-column-spacing:3em;--awb-column-min-width:280px;--awb-rule-style:1px solid #b9afa1;\"><p>Si estem pensant en <strong>instal\u00b7lar un terra de parquet flotant<\/strong> i vols calcular la quantitat de lames de parquet que necessites per a cada habitaci\u00f3, segueix les nostres instruccions.<\/p>\n<p>El c\u00e0lcul del parquet \u00e9s realment senzill: l&#8217;\u00fanic que has de fer \u00e9s multiplicar la longitud de l\u2019habitaci\u00f3 per l\u2019amplada. El resultat seran els metres quadrats que necessites.<\/p>\n<p>Si a la teva llar tens habitacions amb figures complexes (habitacions que no s\u00f3n quadrades), has de descomposar l\u2019espai en \u00e0rees rectangulars per a poder calcular de forma separada cada zona i despr\u00e9s sumar-les.<\/p>\n<\/div><div class=\"fusion-clearfix\"><\/div><\/div><\/div><div class=\"fusion-layout-column fusion_builder_column fusion-builder-column-4 fusion_builder_column_1_1 1_1 fusion-one-full fusion-column-first fusion-column-last\" style=\"--awb-bg-size:cover;\"><div class=\"fusion-column-wrapper fusion-flex-column-wrapper-legacy\"><div class=\"fusion-reading-box-container reading-box-container-1\" style=\"--awb-title-color:var(--awb-color8);--awb-margin-top:0px;--awb-margin-bottom:84px;\"><div class=\"reading-box\" style=\"background-color:#eeeeee;border-width:1px;border-color:#f6f6f6;border-left-width:3px;border-left-color:var(--primary_color);border-style:solid;\"><div class=\"reading-box-additional\">\n<p>A <strong>Oller Decoraci\u00f3<\/strong> t\u2019aconsellem afegir un 10% al c\u00e0lcul, ja que sempre es desaprofita una mica de material durant la instal\u00b7laci\u00f3<\/p>\n<\/div><div class=\"fusion-clearfix\"><\/div><\/div><svg style=\"opacity:0.70;\" xmlns=\"http:\/\/www.w3.org\/2000\/svg\" version=\"1.1\" width=\"100%\" viewBox=\"0 0 600 28\" preserveAspectRatio=\"none\"><g clip-path=\"url(#a)\"><mask id=\"b\" style=\"mask-type:luminance\" maskUnits=\"userSpaceOnUse\" x=\"0\" y=\"0\" width=\"600\" height=\"28\"><path d=\"M0 0h600v28H0V0Z\" fill=\"#fff\"\/><\/mask><g filter=\"url(#c)\" mask=\"url(#b)\"><path d=\"M16.439-18.667h567.123v30.8S438.961-8.4 300-8.4C161.04-8.4 16.438 12.133 16.438 12.133v-30.8Z\" fill=\"#000\"\/><\/g><\/g><defs><clipPath id=\"a\"><path fill=\"#fff\" d=\"M0 0h600v28H0z\"\/><\/clipPath><filter id=\"c\" x=\"5.438\" y=\"-29.667\" width=\"589.123\" height=\"52.8\" filterUnits=\"userSpaceOnUse\" color-interpolation-filters=\"sRGB\"><feFlood flood-opacity=\"0\" result=\"BackgroundImageFix\"\/><feBlend in=\"SourceGraphic\" in2=\"BackgroundImageFix\" result=\"shape\"\/><feGaussianBlur stdDeviation=\"5.5\" result=\"effect1_foregroundBlur_3983_183\"\/><\/filter><\/defs><\/svg><\/div><div class=\"fusion-clearfix\"><\/div><\/div><\/div><\/div><\/div><div class=\"fusion-fullwidth fullwidth-box fusion-builder-row-5 nonhundred-percent-fullwidth non-hundred-percent-height-scrolling\" style=\"--awb-border-radius-top-left:0px;--awb-border-radius-top-right:0px;--awb-border-radius-bottom-right:0px;--awb-border-radius-bottom-left:0px;--awb-flex-wrap:wrap;\" ><div class=\"fusion-builder-row fusion-row\"><div class=\"fusion-layout-column fusion_builder_column fusion-builder-column-5 fusion_builder_column_1_1 1_1 fusion-one-full fusion-column-first fusion-column-last\" style=\"--awb-bg-size:cover;\"><div class=\"fusion-column-wrapper fusion-flex-column-wrapper-legacy\"><div class=\"fusion-text fusion-text-5\"><p>A m\u00e9s del parquet, a la nostra botiga trobar\u00e0s la resta de materials necessaris per a la instal\u00b7laci\u00f3: espuma anivelladora, a\u00efllants d\u2019humitat, cobriment de juntes de desnivell, s\u00f2cols de fusta, etc.<\/p>\n<\/div><div class=\"fusion-title title fusion-title-3 fusion-title-center fusion-title-text fusion-title-size-two\" style=\"--awb-margin-top-small:0px;--awb-margin-right-small:0px;--awb-margin-bottom-small:20px;--awb-margin-left-small:0px;\"><div class=\"title-sep-container title-sep-container-left\"><div class=\"title-sep sep-single sep-solid\" style=\"border-color:#e0dede;\"><\/div><\/div><span class=\"awb-title-spacer\"><\/span><h2 class=\"fusion-title-heading title-heading-center fusion-responsive-typography-calculated\" style=\"margin:0;--fontSize:42;line-height:1.5;\">Microciment, un paviment i revestiment amb moltes possibilitats<\/h2><span class=\"awb-title-spacer\"><\/span><div class=\"title-sep-container title-sep-container-right\"><div class=\"title-sep sep-single sep-solid\" style=\"border-color:#e0dede;\"><\/div><\/div><\/div><div class=\"fusion-text fusion-text-6 awb-text-cols fusion-text-columns-2 justificado\" style=\"--awb-columns:2;--awb-column-spacing:3em;--awb-column-min-width:280px;--awb-rule-style:1px solid #b9afa1;\"><p>A m\u00e9s de parquet laminat, a la nostra empresa tamb\u00e9 realitzem <strong>revestiments i paviments de microciment<\/strong>.<\/p>\n<p>El microciment \u00e9s un revestiment molt decoratiu, composat de ciment i resines, additius i pigments minerals. Es pot usar en espais interiors i exteriors, a m\u00e9s de poder aplicar-se en parets, sostres i terres.<\/p>\n<p>El resultat, tant en terres com en parets, \u00e9s un acabat d\u2019estil industrial, que actualment esta molt de moda. \u00c9s un material molt resistent, que suporta b\u00e9 la humitat en banys i cuines, i que es mant\u00e9 f\u00e0cilment net passant un drap humit.<\/p>\n<p>Com experts en decoraci\u00f3, a Oller Decoraci\u00f3 t\u2019ampliem les opcions per a donar a les teves estances un car\u00e0cter \u00fanic, personal i innovador amb tot tipus de matisos i acabats.<\/p>\n<p>Si necessites una <strong>botiga de parquet especialitzada<\/strong>, no dubtis en contactar amb <strong>Oller Decoraci\u00f3<\/strong>.<\/p>\n<\/div><div class=\"fusion-clearfix\"><\/div><\/div><\/div><\/div><\/div><div class=\"fusion-fullwidth fullwidth-box fusion-builder-row-6 nonhundred-percent-fullwidth non-hundred-percent-height-scrolling\" style=\"--awb-background-repeat:repeat;--awb-border-radius-top-left:0px;--awb-border-radius-top-right:0px;--awb-border-radius-bottom-right:0px;--awb-border-radius-bottom-left:0px;--awb-padding-bottom:30px;--awb-flex-wrap:wrap;\" ><div class=\"fusion-builder-row fusion-row\"><div class=\"fusion-layout-column fusion_builder_column fusion-builder-column-6 fusion_builder_column_1_1 1_1 fusion-one-full fusion-column-first fusion-column-last\" style=\"--awb-bg-size:cover;\"><div class=\"fusion-column-wrapper fusion-flex-column-wrapper-legacy\"><div class=\"fusion-text fusion-text-7\"><h3 style=\"text-align: center;\">Contacta amb nosaltres<\/h3>\n<p style=\"text-align: center;\">Si vols m\u00e9s informaci\u00f3 o que t\u2019ajudem personalment, contacta amb nosaltres:<\/p>\n<\/div><div class=\"fusion-sep-clear\"><\/div><div class=\"fusion-separator fusion-full-width-sep\" style=\"margin-left: auto;margin-right: auto;margin-bottom:50px;width:100%;\"><div class=\"fusion-separator-border sep-single\" style=\"--awb-height:20px;--awb-amount:20px;border-color:#b9afa1;border-top-width:0px;\"><\/div><\/div><div class=\"fusion-sep-clear\"><\/div><div class=\"fusion-content-boxes content-boxes columns row fusion-columns-2 fusion-columns-total-2 fusion-content-boxes-2 content-boxes-icon-boxed content-left fusion-delayed-animation\" style=\"--awb-backgroundcolor:rgba(185,175,161,0.27);--awb-margin-top:50px;--awb-margin-bottom:0px;--awb-hover-accent-color:#b9afa1;--awb-circle-hover-accent-color:#b9afa1;\" data-animation-delay=\"500\" data-animationOffset=\"top-into-view\"><div style=\"--awb-backgroundcolor:rgba(185,175,161,0.27);\" class=\"fusion-column content-box-column content-box-column content-box-column-1 col-lg-6 col-md-6 col-sm-6 fusion-content-box-hover content-box-column-first-in-row\"><div class=\"col content-box-wrapper content-wrapper-background content-wrapper-boxed link-area-link-icon icon-hover-animation-pulsate fusion-animated\" data-animationType=\"fadeInLeft\" data-animationDuration=\"0.3\" data-animationOffset=\"top-into-view\"><div class=\"heading heading-with-icon icon-left\"><div class=\"icon\" style=\"-webkit-animation-duration: 500ms;animation-duration: 500ms;\"><i style=\"border-color:#b9afa1;border-width:1px;background-color:#b9afa1;box-sizing:content-box;height:72px;width:72px;line-height:72px;top:-86px;margin-left:-36px;border-radius:50%;font-size:36px;\" aria-hidden=\"true\" class=\"fontawesome-icon fa-building far circle-yes\"><\/i><\/div><h4 class=\"content-box-heading fusion-responsive-typography-calculated\" style=\"--h4_typography-font-size:18px;--fontSize:18;line-height:1.4;\">Oller Decoraci\u00f3, Granollers<\/h4><\/div><div class=\"fusion-clearfix\"><\/div><div class=\"content-container\">\n<p style=\"text-align: center;\">Sant Jaume 88-90 &#8211; Granollers (BCN)<br \/>\n<a href=\"https:\/\/goo.gl\/maps\/ZWtPkhjozju\" target=\"_blank\" rel=\"noopener\">Veure Google Maps<\/a><br \/>\nDll-Ds: 9:30-13:30h \/ 17:00-20:00<br \/>\n(dissabte tarda tancat)<\/p>\n<\/div><\/div><\/div><div style=\"--awb-backgroundcolor:rgba(185,175,161,0.27);\" class=\"fusion-column content-box-column content-box-column content-box-column-2 col-lg-6 col-md-6 col-sm-6 fusion-content-box-hover content-box-column-last content-box-column-last-in-row\"><div class=\"col content-box-wrapper content-wrapper-background content-wrapper-boxed link-area-link-icon icon-hover-animation-pulsate fusion-animated\" data-animationType=\"fadeInLeft\" data-animationDuration=\"0.3\" data-animationOffset=\"top-into-view\"><div class=\"heading heading-with-icon icon-left\"><div class=\"icon\" style=\"-webkit-animation-duration: 500ms;animation-duration: 500ms;\"><i style=\"border-color:#b9afa1;border-width:1px;background-color:#b9afa1;box-sizing:content-box;height:72px;width:72px;line-height:72px;top:-86px;margin-left:-36px;border-radius:50%;font-size:36px;\" aria-hidden=\"true\" class=\"fontawesome-icon fa-comment fas circle-yes\"><\/i><\/div><h4 class=\"content-box-heading fusion-responsive-typography-calculated\" style=\"--h4_typography-font-size:18px;--fontSize:18;line-height:1.4;\">Per tel\u00e8fon, email o xarxes socials<\/h4><\/div><div class=\"fusion-clearfix\"><\/div><div class=\"content-container\">\n<p>Tel\u00a0<a href=\"tel:938708605\">93 870 86 05<\/a><br \/>\n<a href=\"mailto:info@ollerdecoracio.com\">info@ollerdecoracio.com<\/a><\/p>\n<div class=\"fusion-button-wrapper fusion-aligncenter\"><a class=\"fusion-button button-flat button-large button-default fusion-button-default button-2 fusion-button-default-span fusion-button-default-type\" target=\"_self\" href=\"\/ca\/botiga-interiorisme-granollers\/\"><span class=\"fusion-button-text awb-button__text awb-button__text--default\">Contacte<\/span><\/a><\/div><div style=\"margin-top:20px;\"><a href=\"https:\/\/www.facebook.com\/Ollerdecoracio\/\" target=\"_blank\"><i class=\"fa fa-facebook-official\" style=\"font-size: 30px;\" aria-hidden=\"true\"><\/i><\/a>\u00a0 \u00a0 \u00a0<a href=\"https:\/\/www.instagram.com\/ollerdecoraciogranollers\/\" target=\"_blank\"><i class=\"fa fa-instagram\" style=\"font-size: 30px;\" aria-hidden=\"true\"><\/i><\/a><\/div><\/div><\/div><\/div><div class=\"fusion-clearfix\"><\/div><\/div><div class=\"fusion-clearfix\"><\/div><\/div><\/div><\/div><\/div><\/p>\n","protected":false},"excerpt":{"rendered":"","protected":false},"author":1,"featured_media":11905,"parent":0,"menu_order":0,"comment_status":"closed","ping_status":"closed","template":"100-width.php","meta":{"footnotes":""},"class_list":["post-10583","page","type-page","status-publish","has-post-thumbnail","hentry"],"yoast_head":"<!-- This site is optimized with the Yoast SEO plugin v27.4 - https:\/\/yoast.com\/product\/yoast-seo-wordpress\/ -->\n<title>Botiga de parquet a Granollers Oller Decoraci\u00f3<\/title>\n<meta name=\"description\" content=\"Si busques una botiga de parquet de confian\u00e7a, vina a Oller Decoraci\u00f3 perqu\u00e8 som la resposta.T\u2019ajudem a escollir la millor opci\u00f3.\" \/>\n<meta name=\"robots\" content=\"index, follow, max-snippet:-1, max-image-preview:large, max-video-preview:-1\" \/>\n<link rel=\"canonical\" href=\"https:\/\/ollerdecoracio.com\/ca\/botiga-parquet\/\" \/>\n<meta property=\"og:locale\" content=\"ca_ES\" \/>\n<meta property=\"og:type\" content=\"article\" \/>\n<meta property=\"og:title\" content=\"Botiga de parquet a Granollers Oller Decoraci\u00f3\" \/>\n<meta property=\"og:description\" content=\"Si busques una botiga de parquet de confian\u00e7a, vina a Oller Decoraci\u00f3 perqu\u00e8 som la resposta.T\u2019ajudem a escollir la millor opci\u00f3.\" \/>\n<meta property=\"og:url\" content=\"https:\/\/ollerdecoracio.com\/ca\/botiga-parquet\/\" \/>\n<meta property=\"og:site_name\" content=\"Oller Decoraci\u00f3\" \/>\n<meta property=\"article:modified_time\" content=\"2024-10-22T07:02:40+00:00\" \/>\n<meta property=\"og:image\" content=\"https:\/\/ollerdecoracio.com\/wp-content\/uploads\/cabecera-parquet.webp\" \/>\n\t<meta property=\"og:image:width\" content=\"951\" \/>\n\t<meta property=\"og:image:height\" content=\"459\" \/>\n\t<meta property=\"og:image:type\" content=\"image\/webp\" \/>\n<meta name=\"twitter:card\" content=\"summary_large_image\" \/>\n<meta name=\"twitter:label1\" content=\"Temps estimat de lectura\" \/>\n\t<meta name=\"twitter:data1\" content=\"7 minuts\" \/>\n<script type=\"application\/ld+json\" class=\"yoast-schema-graph\">{\"@context\":\"https:\\\/\\\/schema.org\",\"@graph\":[{\"@type\":\"WebPage\",\"@id\":\"https:\\\/\\\/ollerdecoracio.com\\\/ca\\\/botiga-parquet\\\/\",\"url\":\"https:\\\/\\\/ollerdecoracio.com\\\/ca\\\/botiga-parquet\\\/\",\"name\":\"Botiga de parquet a Granollers Oller Decoraci\u00f3\",\"isPartOf\":{\"@id\":\"https:\\\/\\\/ollerdecoracio.com\\\/#website\"},\"primaryImageOfPage\":{\"@id\":\"https:\\\/\\\/ollerdecoracio.com\\\/ca\\\/botiga-parquet\\\/#primaryimage\"},\"image\":{\"@id\":\"https:\\\/\\\/ollerdecoracio.com\\\/ca\\\/botiga-parquet\\\/#primaryimage\"},\"thumbnailUrl\":\"https:\\\/\\\/ollerdecoracio.com\\\/wp-content\\\/uploads\\\/cabecera-parquet.webp\",\"datePublished\":\"2018-07-26T15:34:00+00:00\",\"dateModified\":\"2024-10-22T07:02:40+00:00\",\"description\":\"Si busques una botiga de parquet de confian\u00e7a, vina a Oller Decoraci\u00f3 perqu\u00e8 som la resposta.T\u2019ajudem a escollir la millor opci\u00f3.\",\"breadcrumb\":{\"@id\":\"https:\\\/\\\/ollerdecoracio.com\\\/ca\\\/botiga-parquet\\\/#breadcrumb\"},\"inLanguage\":\"ca\",\"potentialAction\":[{\"@type\":\"ReadAction\",\"target\":[\"https:\\\/\\\/ollerdecoracio.com\\\/ca\\\/botiga-parquet\\\/\"]}]},{\"@type\":\"ImageObject\",\"inLanguage\":\"ca\",\"@id\":\"https:\\\/\\\/ollerdecoracio.com\\\/ca\\\/botiga-parquet\\\/#primaryimage\",\"url\":\"https:\\\/\\\/ollerdecoracio.com\\\/wp-content\\\/uploads\\\/cabecera-parquet.webp\",\"contentUrl\":\"https:\\\/\\\/ollerdecoracio.com\\\/wp-content\\\/uploads\\\/cabecera-parquet.webp\",\"width\":951,\"height\":459,\"caption\":\"Tienda de parquet en Granollers \u00b7 Oller Decoraci\u00f3\"},{\"@type\":\"BreadcrumbList\",\"@id\":\"https:\\\/\\\/ollerdecoracio.com\\\/ca\\\/botiga-parquet\\\/#breadcrumb\",\"itemListElement\":[{\"@type\":\"ListItem\",\"position\":1,\"name\":\"Portada\",\"item\":\"https:\\\/\\\/ollerdecoracio.com\\\/ca\\\/\"},{\"@type\":\"ListItem\",\"position\":2,\"name\":\"Botiga de parquet i paviments\"}]},{\"@type\":\"WebSite\",\"@id\":\"https:\\\/\\\/ollerdecoracio.com\\\/#website\",\"url\":\"https:\\\/\\\/ollerdecoracio.com\\\/\",\"name\":\"Oller Decoraci\u00f3\",\"description\":\"\",\"potentialAction\":[{\"@type\":\"SearchAction\",\"target\":{\"@type\":\"EntryPoint\",\"urlTemplate\":\"https:\\\/\\\/ollerdecoracio.com\\\/?s={search_term_string}\"},\"query-input\":{\"@type\":\"PropertyValueSpecification\",\"valueRequired\":true,\"valueName\":\"search_term_string\"}}],\"inLanguage\":\"ca\"}]}<\/script>\n<!-- \/ Yoast SEO plugin. -->","yoast_head_json":{"title":"Botiga de parquet a Granollers Oller Decoraci\u00f3","description":"Si busques una botiga de parquet de confian\u00e7a, vina a Oller Decoraci\u00f3 perqu\u00e8 som la resposta.T\u2019ajudem a escollir la millor opci\u00f3.","robots":{"index":"index","follow":"follow","max-snippet":"max-snippet:-1","max-image-preview":"max-image-preview:large","max-video-preview":"max-video-preview:-1"},"canonical":"https:\/\/ollerdecoracio.com\/ca\/botiga-parquet\/","og_locale":"ca_ES","og_type":"article","og_title":"Botiga de parquet a Granollers Oller Decoraci\u00f3","og_description":"Si busques una botiga de parquet de confian\u00e7a, vina a Oller Decoraci\u00f3 perqu\u00e8 som la resposta.T\u2019ajudem a escollir la millor opci\u00f3.","og_url":"https:\/\/ollerdecoracio.com\/ca\/botiga-parquet\/","og_site_name":"Oller Decoraci\u00f3","article_modified_time":"2024-10-22T07:02:40+00:00","og_image":[{"width":951,"height":459,"url":"https:\/\/ollerdecoracio.com\/wp-content\/uploads\/cabecera-parquet.webp","type":"image\/webp"}],"twitter_card":"summary_large_image","twitter_misc":{"Temps estimat de lectura":"7 minuts"},"schema":{"@context":"https:\/\/schema.org","@graph":[{"@type":"WebPage","@id":"https:\/\/ollerdecoracio.com\/ca\/botiga-parquet\/","url":"https:\/\/ollerdecoracio.com\/ca\/botiga-parquet\/","name":"Botiga de parquet a Granollers Oller Decoraci\u00f3","isPartOf":{"@id":"https:\/\/ollerdecoracio.com\/#website"},"primaryImageOfPage":{"@id":"https:\/\/ollerdecoracio.com\/ca\/botiga-parquet\/#primaryimage"},"image":{"@id":"https:\/\/ollerdecoracio.com\/ca\/botiga-parquet\/#primaryimage"},"thumbnailUrl":"https:\/\/ollerdecoracio.com\/wp-content\/uploads\/cabecera-parquet.webp","datePublished":"2018-07-26T15:34:00+00:00","dateModified":"2024-10-22T07:02:40+00:00","description":"Si busques una botiga de parquet de confian\u00e7a, vina a Oller Decoraci\u00f3 perqu\u00e8 som la resposta.T\u2019ajudem a escollir la millor opci\u00f3.","breadcrumb":{"@id":"https:\/\/ollerdecoracio.com\/ca\/botiga-parquet\/#breadcrumb"},"inLanguage":"ca","potentialAction":[{"@type":"ReadAction","target":["https:\/\/ollerdecoracio.com\/ca\/botiga-parquet\/"]}]},{"@type":"ImageObject","inLanguage":"ca","@id":"https:\/\/ollerdecoracio.com\/ca\/botiga-parquet\/#primaryimage","url":"https:\/\/ollerdecoracio.com\/wp-content\/uploads\/cabecera-parquet.webp","contentUrl":"https:\/\/ollerdecoracio.com\/wp-content\/uploads\/cabecera-parquet.webp","width":951,"height":459,"caption":"Tienda de parquet en Granollers \u00b7 Oller Decoraci\u00f3"},{"@type":"BreadcrumbList","@id":"https:\/\/ollerdecoracio.com\/ca\/botiga-parquet\/#breadcrumb","itemListElement":[{"@type":"ListItem","position":1,"name":"Portada","item":"https:\/\/ollerdecoracio.com\/ca\/"},{"@type":"ListItem","position":2,"name":"Botiga de parquet i paviments"}]},{"@type":"WebSite","@id":"https:\/\/ollerdecoracio.com\/#website","url":"https:\/\/ollerdecoracio.com\/","name":"Oller Decoraci\u00f3","description":"","potentialAction":[{"@type":"SearchAction","target":{"@type":"EntryPoint","urlTemplate":"https:\/\/ollerdecoracio.com\/?s={search_term_string}"},"query-input":{"@type":"PropertyValueSpecification","valueRequired":true,"valueName":"search_term_string"}}],"inLanguage":"ca"}]}},"_links":{"self":[{"href":"https:\/\/ollerdecoracio.com\/ca\/wp-json\/wp\/v2\/pages\/10583","targetHints":{"allow":["GET"]}}],"collection":[{"href":"https:\/\/ollerdecoracio.com\/ca\/wp-json\/wp\/v2\/pages"}],"about":[{"href":"https:\/\/ollerdecoracio.com\/ca\/wp-json\/wp\/v2\/types\/page"}],"author":[{"embeddable":true,"href":"https:\/\/ollerdecoracio.com\/ca\/wp-json\/wp\/v2\/users\/1"}],"replies":[{"embeddable":true,"href":"https:\/\/ollerdecoracio.com\/ca\/wp-json\/wp\/v2\/comments?post=10583"}],"version-history":[{"count":11,"href":"https:\/\/ollerdecoracio.com\/ca\/wp-json\/wp\/v2\/pages\/10583\/revisions"}],"predecessor-version":[{"id":15868,"href":"https:\/\/ollerdecoracio.com\/ca\/wp-json\/wp\/v2\/pages\/10583\/revisions\/15868"}],"wp:featuredmedia":[{"embeddable":true,"href":"https:\/\/ollerdecoracio.com\/ca\/wp-json\/wp\/v2\/media\/11905"}],"wp:attachment":[{"href":"https:\/\/ollerdecoracio.com\/ca\/wp-json\/wp\/v2\/media?parent=10583"}],"curies":[{"name":"wp","href":"https:\/\/api.w.org\/{rel}","templated":true}]}}